{"id":3,"date":"2025-09-15T11:22:05","date_gmt":"2025-09-15T09:22:05","guid":{"rendered":"https:\/\/fibufly.empressia.dev\/?page_id=3"},"modified":"2026-02-24T08:04:28","modified_gmt":"2026-02-24T07:04:28","slug":"datenschutzerklarung","status":"publish","type":"page","link":"http:\/\/fibufly.com\/de\/polityka-prywatnosci\/","title":{"rendered":"Datenschutzerkl\u00e4rung"},"content":{"rendered":"<p><strong>I. Grundlegendes<\/strong><\/p>\n\n\n\n<p>Hier informieren wir Sie \u00fcber die Verarbeitung personenbezogener Daten bei Nutzung unserer Onlinepr\u00e4senzen. Diese Online-Datenschutzerkl\u00e4rung gilt also f\u00fcr unsere Internetseite <a href=\"http:\/\/www.fibufly.de\">www.fibufly.de<\/a> sowie f\u00fcr unsere Profile in den sozialen Netzwerken.<\/p>\n\n\n\n<p>Personenbezogene Daten sind alle Daten, die auf Sie pers\u00f6nlich beziehbar sind, also u.a. Name, Anschrift, E-Mail, IP-Adresse oder auch das Nutzerverhalten.<\/p>\n\n\n\n<p>Hinsichtlich der verwendeten Begriffe, wie z.B. \u201eVerarbeitung\u201c, \u201eVerantwortlicher\u201c oder \u201eBetroffener\u201c, wird auf die Definitionen in Art. 4 DSGVO verwiesen. Dort findet sich insbesondere folgendes:<\/p>\n\n\n\n<ul class=\"wp-block-list\">\n<li><strong>\u201ePersonenbezogene Daten\u201c<\/strong> sind alle Informationen, die sich auf eine identifizierte oder identifizierbare nat\u00fcrliche Person (der \u201eBetroffene\u201c oder die \u201ebetroffene Person\u201c) beziehen; als identifizierbar wird eine nat\u00fcrliche Person angesehen, die direkt oder indirekt, insbesondere mittels Zuordnung zu einer Kennung wie einem Namen, zu einer Kennnummer, zu Standortdaten, zu einer Online-Kennung oder zu einem oder mehreren besonderen Merkmalen identifiziert werden kann, die Ausdruck der physischen, physiologischen, genetischen, psychischen, wirtschaftlichen, kulturellen oder sozialen Identit\u00e4t dieser nat\u00fcrlichen Person sind (Art. 4 Nr. 1 DSGVO).<\/li>\n\n\n\n<li><strong>\u201eVerarbeitung\u201c<\/strong> ist jeder mit oder ohne Hilfe automatisierter Verfahren ausgef\u00fchrten Vorgang oder jede solche Vorgangsreihe im Zusammenhang mit personenbezogenen Daten wie das Erheben, das Erfassen, die Organisation, das Ordnen, die Speicherung, die Anpassung oder Ver\u00e4nderung, das Auslesen, das Abfragen, die Verwendung, die Offenlegung durch \u00dcbermittlung, Verbreitung oder eine andere Form der Bereitstellung, den Abgleich oder die Verkn\u00fcpfung, die Einschr\u00e4nkung, das L\u00f6schen oder die Vernichtung (Art. 4 Nr. 2 DSGVO).<\/li>\n\n\n\n<li><strong>\u201eVerantwortlicher\u201c<\/strong> (oder \u201everantwortliche Stelle\u201c) ist die nat\u00fcrliche oder juristische Person, Beh\u00f6rde, Einrichtung oder andere Stelle, die allein oder gemeinsam mit anderen \u00fcber die Zwecke und Mittel der Verarbeitung von personenbezogenen Daten entscheidet (Art. 4 Nr. 7 DSGVO).<\/li>\n\n\n\n<li><strong>\u201eAuftragsverarbeiter\u201c<\/strong> ist eine nat\u00fcrliche oder juristische Person, Beh\u00f6rde, Einrichtung oder andere Stelle, die personenbezogene Daten im Auftrag des Verantwortlichen verarbeitet (Art. 4 Nr. 8 DSGV).<\/li>\n<\/ul>\n\n\n\n<p>Insbesondere die Begriffe \u201eVerarbeitung\u201c und \u201epersonenbezogene Daten\u201c sind sehr weitreichend, so dass nahezu jeder Umgang mit Daten darunter verstanden werden kann.<\/p>\n\n\n\n<p><strong>II. Wer ist die verantwortliche Stelle?<\/strong><\/p>\n\n\n\n<p>Wir sind f\u00fcr die Verarbeitung Ihrer Daten verantwortlich:<\/p>\n\n\n\n<p><strong>fibufly GmbH<\/strong><br>Fanny-Zobel-Stra\u00dfe 9<br>12435 Berlin<br>Tel.: +49 (0) 174 332 18 03<br>E-mail: <a href=\"mailto:kontakt@fibufly.de\">kontakt@fibufly.de<\/a><\/p>\n\n\n\n<p><strong>III. Wie erreichen Sie unseren Datenschutzbeauftragten?<\/strong><\/p>\n\n\n\n<p>Wir sind gesetzlich nicht dazu verpflichtet, einen Datenschutzbeauftragten zu benennen. F\u00fcr Fragen rund um die Verarbeitung Ihrer Daten k\u00f6nnen Sie sich jederzeit gerne an uns wenden:&nbsp;<\/p>\n\n\n\n<p><strong>fibufly GmbH<\/strong><br>Fanny-Zobel-Stra\u00dfe 9<br>12435 Berlin<br>Tel.: +49 (0) 174 332 18 03<br>E-mail: <a href=\"mailto:kontakt@fibufly.de\">kontakt@fibufly.de<\/a><\/p>\n\n\n\n<p><strong>IV. Wer ist von der Datenverarbeitung betroffen?<\/strong><\/p>\n\n\n\n<p>Wenn Sie z.B. als Interessent, Kunde, Lieferant, Dienstleister oder sonstiger Besucher unsere Internetseite besuchen, erfolgt die Verarbeitung Ihrer personenbezogenen Daten im Rahmen der gesetzlichen Vorschriften bzw. dieser Erkl\u00e4rung<\/p>\n\n\n\n<p>Alle Besucher unserer Internetseite werden unter dem Begriff <strong>\u201eNutzer\u201c zusammengefasst<\/strong>.<\/p>\n\n\n\n<p><strong>V. Welche Daten erheben wir von Ihnen und zu welchen Zwecken bzw. auf welcher Rechtsgrundlage verarbeiten wir diese?<\/strong><\/p>\n\n\n\n<p>Wenn Sie unsere Internetseite besuchen, ohne uns auf andere Weise Informationen zu \u00fcbermitteln, werden nur die personenbezogenen Daten verarbeitet, die der von Ihnen genutzte Browser an unseren Server \u00fcbermittelt. Es werden dann nach unserer Kenntnis u.a. die nachfolgend aufgef\u00fchrten Daten verarbeitet, die technisch erforderlich sind, um unsere Internetseite anzuzeigen und um deren Stabilit\u00e4t und Sicherheit gew\u00e4hrleisten zu k\u00f6nnen:<\/p>\n\n\n\n<ul class=\"wp-block-list\">\n<li>IP-Adresse des anfragenden Rechners<\/li>\n\n\n\n<li>Datum und Uhrzeit der Anfrage<\/li>\n\n\n\n<li>Name und URL der abgerufenen Datei<\/li>\n\n\n\n<li>Zugriffsstatus \/ HTTP-Statuscode<\/li>\n\n\n\n<li>\u00fcbertragene Datenmenge<\/li>\n\n\n\n<li>Website, von der die Anfrage kommt (Referrer-URL)<\/li>\n\n\n\n<li>verwendeter Browser<\/li>\n\n\n\n<li>Betriebssystem<\/li>\n<\/ul>\n\n\n\n<p>Die Verarbeitung dieser Daten in sog. Log-Files ist erforderlich, um unsere Internetseite anzuzeigen und die Stabilit\u00e4t und Sicherheit zu gew\u00e4hrleisten.<\/p>\n\n\n\n<p>Wenn Sie dar\u00fcber hinaus noch personenbezogene Daten an uns \u00fcbermitteln, z.B. im Rahmen einer Anfrage per E-Mail oder \u00fcber unser Kontaktformular, dann verarbeiten wir\n\u2013 abh\u00e4ngig von Ihren Angaben \u2013 au\u00dferdem noch folgende Daten:<\/p>\n\n\n\n<ul class=\"wp-block-list\">\n<li>Bestandsdaten (z.B. Name, Anschrift)<\/li>\n\n\n\n<li>Kontaktdaten (z.B. E-Mail-Adresse, Telefonnummer)<\/li>\n\n\n\n<li>Inhaltsdaten (z.B. Texteingaben)<\/li>\n\n\n\n<li>Nutzungsdaten (z.B. besuchte Sites, Zugriffszeiten)<\/li>\n\n\n\n<li>Kommunikations- \/ Metadaten (z.B. Ger\u00e4te-Informationen, IP-Adressen)<\/li>\n<\/ul>\n\n\n\n<p>Wir verarbeiten Ihre personenbezogenen Daten bei Ihrem Besuch auf unserer Internetseite zu folgenden Zwecken:<\/p>\n\n\n\n<ul class=\"wp-block-list\">\n<li>Bereitstellen der Funktionen und Inhalte unseres Onlineangebots<\/li>\n\n\n\n<li>Gew\u00e4hrleistung eines reibungslosen Verbindungsaufbaus zu unserer Internetseite<\/li>\n\n\n\n<li>Gew\u00e4hrleistung einer komfortablen Nutzung unserer Internetseite<\/li>\n\n\n\n<li>Auswertung und Gew\u00e4hrleistung der Systemsicherheit und -stabilit\u00e4t sowie allgemeine Sicherheitsma\u00dfnahmen<\/li>\n\n\n\n<li>Beantwortung etwaiger Kontaktanfragen bzw. zur Kommunikation mit Ihnen<\/li>\n\n\n\n<li>weitere administrative Zwecken<\/li>\n\n\n\n<li>Erbringung vertraglicher Leistungen<\/li>\n\n\n\n<li>Kundenservice<\/li>\n<\/ul>\n\n\n\n<p>Sofern wir im Rahmen dieser Datenschutzerkl\u00e4rung keine spezielle Rechtsgrundlage angeben, gilt f\u00fcr die Verarbeitung Ihrer personenbezogenen Daten folgendes:<\/p>\n\n\n\n<ul class=\"wp-block-list\">\n<li>Die Rechtsgrundlage f\u00fcr die Einholung von Einwilligungen ergibt sich aus Art. 6 Abs. 1 lit. a, Art. 7 DSGVO.<\/li>\n\n\n\n<li>Als Rechtsgrundlage f\u00fcr die Datenverarbeitung zur Erf\u00fcllung unserer Leistungen und Durchf\u00fchrung (vor-) vertraglicher Ma\u00dfnahmen sowie zwecks Beantwortung von etwaigen Anfragen gilt Art. 6 Abs. 1 lit. b DSGVO.<\/li>\n\n\n\n<li>F\u00fcr die Datenverarbeitung zur Erf\u00fcllung rechtlicher Verpflichtungen ist Art. 6 Abs. 1 lit. c DSGVO die Rechtsgrundlage.<\/li>\n\n\n\n<li>Sollten lebenswichtige Interessen der betroffenen oder einer anderen nat\u00fcrlichen Person die Datenverarbeitung erforderlich machen, ergibt sich die Rechtsgrundlage aus Art. 6 Abs. 1 lit. d DSGVO.<\/li>\n\n\n\n<li>Die Datenverarbeitung zur Wahrung unserer berechtigten Interessen erfolgt auf Basis von Art. 6 Abs. 1 lit. f DSGVO. Unser berechtigtes Interesse folgt dabei aus den oben genannten Zwecken der Datenerhebung.<\/li>\n<\/ul>\n\n\n\n<p>Wenn wir im Rahmen der Verarbeitung Ihrer personenbezogenen Daten diese gegen\u00fcber Dritten offenbaren, sie an diese \u00fcbermitteln oder ihnen sonst Zugriff auf die Daten gew\u00e4hren, erfolgt dies ausschlie\u00dflich auf Basis<\/p>\n\n\n\n<ul class=\"wp-block-list\">\n<li>einer gesetzlichen Erlaubnis,<\/li>\n\n\n\n<li>sie an diese \u00fcbermitteln oder<\/li>\n\n\n\n<li>wir dazu rechtlich verpflichtet sind oder<\/li>\n\n\n\n<li>auf Basis unserer berechtigten Interessen.<\/li>\n<\/ul>\n\n\n\n<p>Eine gesetzliche Erlaubnis besteht insbesondere dann, wenn die Weitergabe der Daten zur Erf\u00fcllung vertraglicher Pflichten erforderlich ist.<\/p>\n\n\n\n<p>Ein berechtigtes Interesse kann bestehen, wenn wir Daten<\/p>\n\n\n\n<ul class=\"wp-block-list\">\n<li>f\u00fcr Direktwerbung nutzen,<\/li>\n\n\n\n<li>zur Verhinderung von Betrug nutzen oder<\/li>\n\n\n\n<li>Sie Kunde von uns sind.<\/li>\n<\/ul>\n\n\n\n<p>Ebenfalls kann ein berechtigtes Interesse z.B. bestehen<\/p>\n\n\n\n<ul class=\"wp-block-list\">\n<li>beim Einsatz von Web- oder E-Mail-Hostern,<\/li>\n\n\n\n<li>Cloud-Anbietern oder<\/li>\n\n\n\n<li>anderen Dienstleistern.<\/li>\n<\/ul>\n\n\n\n<p>Derartige Dienstleister werden oftmals als sog. Auftragsverarbeiter auf Basis eines entsprechenden Vertrages t\u00e4tig.<\/p>\n\n\n\n<p>Sie sind ebenfalls dazu verpflichtet,<\/p>\n\n\n\n<ul class=\"wp-block-list\">\n<li>die datenschutzrechtlichen Vorgaben einzuhalten und<\/li>\n\n\n\n<li>dies auch vertraglich zu gew\u00e4hrleisten.<\/li>\n<\/ul>\n\n\n\n<p>Die Rechtsgrundlage f\u00fcr solche Auftragsverarbeitungsverh\u00e4ltnisse ist <strong>Art. 28 DSGVO.<\/strong>.<\/p>\n\n\n\n<p><strong>VI. An wen \u00fcbermitteln wir Ihre Daten?<\/strong><\/p>\n\n\n\n<p>Im Rahmen unserer Gesch\u00e4ftst\u00e4tigkeit geben wir personenbezogene Daten ausschlie\u00dflich an solche Stellen weiter, die uns bei der technischen Betreuung der Webseite, der Kommunikation sowie der Organisation unserer B\u00fcroabl\u00e4ufe unterst\u00fctzen.<\/p>\n\n\n\n<p>Personenbezogene Daten k\u00f6nnen an folgende Kategorien von Empf\u00e4ngern \u00fcbermittelt werden:<\/p>\n\n\n\n<ul class=\"wp-block-list\">\n<li>Anbieter von Hosting-Dienstleistungen, die den Betrieb und die Sicherheit der Webseite gew\u00e4hrleisten,<\/li>\n\n\n\n<li>Anbieter von E-Mail-Systemen und -Dienstleistungen,<\/li>\n\n\n\n<li>IT-Dienstleister sowie Unternehmen, die technischen Support erbringen,<\/li>\n\n\n\n<li>Anbieter von Analyse- und Statistiktools,<\/li>\n\n\n\n<li>Dienstleister im Bereich Rechts-, Steuer- oder Unternehmensberatung \u2013 ausschlie\u00dflich im erforderlichen Umfang zur Umsetzung der in dieser Datenschutzerkl\u00e4rung genannten Zwecke.<\/li>\n<\/ul>\n\n\n\n<p>Externe Dienstleister verarbeiten die Daten auf Grundlage eines Vertrags zur Auftragsverarbeitung gem\u00e4\u00df Art. 28 DSGVO.<\/p>\n\n\n\n<p><strong>VII. Werden Ihre Daten an Stellen au\u00dferhalb der EU \u00fcbermittelt?<\/strong><strong><br><\/strong><br>Ein Teil der Verarbeitungsvorg\u00e4nge personenbezogener Daten kann mit deren \u00dcbermittlung in sogenannte Drittl\u00e4nder verbunden sein, insbesondere in die Vereinigten Staaten.<\/p>\n\n\n\n<p>Die \u00dcbermittlung personenbezogener Daten in Drittl\u00e4nder erfolgt ausschlie\u00dflich im Zusammenhang mit der Nutzung externer Tools und Dienstleistungen, die Ressourcen au\u00dferhalb des Europ\u00e4ischen Wirtschaftsraums (EWR) verwenden. Die Anbieter dieser Dienstleistungen gew\u00e4hrleisten ein angemessenes Datenschutzniveau durch den Einsatz von EU-Standardvertragsklauseln (SCC), Angemessenheitsbeschl\u00fcssen oder anderen in Art. 44\u201349 DSGVO vorgesehenen Konformit\u00e4tsmechanismen.<\/p>\n\n\n\n<p>Derzeit kann eine \u00dcbermittlung personenbezogener Daten in Drittl\u00e4nder im Zusammenhang mit der Nutzung folgender technischer L\u00f6sungen erfolgen:<br><br>E-Mail-Marketing-System: MailerLite<br>Kontaktformular: Google reCAPTCHA<\/p>\n\n\n\n<p><strong>VIII. Wie lange verarbeiten wir Ihre Daten?<\/strong><\/p>\n\n\n\n<p>Die Dauer der Speicherung Ihrer personenbezogenen Daten bemisst sich regelm\u00e4\u00dfig an bestehenden gesetzlichen Aufbewahrungsfristen (z.B. nach dem Handels\u2010 oder dem Steuerrecht). Soweit nachfolgend nicht anders angegeben, werden Ihre personenbezogenen Daten routinem\u00e4\u00dfig nach Ablauf einer evtl. einschl\u00e4gigen Frist gel\u00f6scht, sofern sie nicht mehr zur Vertragserf\u00fcllung oder Vertragsanbahnung erforderlich sind, wir kein berechtigtes Interesse mehr an der Weiterspeicherung haben und \/ oder wenn Sie nicht in eine dar\u00fcber hinausgehende Speicherung eingewilligt haben.<\/p>\n\n\n\n<p>In Deutschland existieren spezielle Aufbewahrungsfristen u.a. in folgenden Bereichen:<\/p>\n\n\n\n<ul class=\"wp-block-list\">\n<li>gem. Handelsrecht (6 Jahre z.B. f\u00fcr Er\u00f6ffnungsbilanzen, Jahresabschl\u00fcsse, Buchungsbelege o.\u00e4.)<\/li>\n\n\n\n<li>gem. Steuerrecht (10 Jahre f\u00fcr alle steuerrechtlich relevanten Unterlagen)<\/li>\n\n\n\n<li>gem. AGG (6 Monate f\u00fcr Unterlagen abgelehnter Bewerber)<\/li>\n<\/ul>\n\n\n\n<p><strong>IX. Was sind Ihre Rechte?<\/strong><strong><br><\/strong><br>Hinsichtlich der Verarbeitung Ihrer personenbezogenen Daten haben Sie uns gegen\u00fcber das Recht:<\/p>\n\n\n\n<ul class=\"wp-block-list\">\n<li>uskunft \u00fcber Ihre von uns verarbeiteten personenbezogenen Daten zu verlangen. Insbesondere k\u00f6nnen Sie Auskunft \u00fcber die Verarbeitungszwecke, die Kategorie der personenbezogenen Daten, die Kategorien von Empf\u00e4ngern, gegen\u00fcber denen Ihre Daten offengelegt wurden oder werden, die geplante Speicherdauer, das Bestehen eines Rechts auf Berichtigung, L\u00f6schung, Einschr\u00e4nkung der Verarbeitung oder Widerspruch, das Bestehen eines Beschwerderechts, die Herkunft ihrer Daten, sofern diese nicht bei uns erhoben wurden, sowie \u00fcber das Bestehen einer automatisierten Entscheidungsfindung einschlie\u00dflich Profiling und ggf. aussagekr\u00e4ftigen Informationen zu deren Einzelheiten verlangen (Art. 15 DSGVO);<\/li>\n\n\n\n<li>unverz\u00fcglich die Berichtigung unrichtiger oder Vervollst\u00e4ndigung Ihrer bei uns gespeicherten personenbezogenen Daten zu verlangen (Art. 16 DSGVO);<\/li>\n\n\n\n<li>die L\u00f6schung Ihrer bei uns gespeicherten personenbezogenen Daten zu verlangen, soweit nicht die Verarbeitung zur Aus\u00fcbung des Rechts auf freie Meinungs\u00e4u\u00dferung und Information, zur Erf\u00fcllung einer rechtlichen Verpflichtung, aus Gr\u00fcnden des \u00f6ffentlichen Interesses oder zur Geltendmachung, Aus\u00fcbung oder Verteidigung von Rechtsanspr\u00fcchen erforderlich ist (Art. 17 DSGVO);<\/li>\n\n\n\n<li>die Einschr\u00e4nkung der Verarbeitung Ihrer personenbezogenen Daten zu verlangen, soweit die Richtigkeit der Daten von Ihnen bestritten wird, die Verarbeitung unrechtm\u00e4\u00dfig ist, Sie aber deren L\u00f6schung ablehnen und wir die Daten nicht mehr ben\u00f6tigen, Sie jedoch diese zur Geltendmachung, Aus\u00fcbung oder Verteidigung von Rechtsanspr\u00fcchen ben\u00f6tigen oder Sie gem. Art. 21 DSGVO Widerspruch gegen die Verarbeitung eingelegt haben (Art. 18 DSGVO);<\/li>\n\n\n\n<li>Ihre personenbezogenen Daten, die Sie uns bereitgestellt haben, in einem strukturierten, g\u00e4ngigen und maschinenlesebaren Format zu erhalten oder die \u00dcbermittlung an einen anderen Verantwortlichen zu verlangen (Datenportabilit\u00e4t, Art. 20 DSGVO);<\/li>\n\n\n\n<li>nicht einer ausschlie\u00dflich auf einer automatisierten Verarbeitung \u2013 einschlie\u00dflich Profiling \u2013 beruhenden Entscheidung unterworfen zu werden, die ihr gegen\u00fcber rechtliche Wirkung entfaltet oder sie in \u00e4hnlicher Weise erheblich beeintr\u00e4chtigt (Art. 22 DSGVO);<\/li>\n\n\n\n<li>sich bei einer Aufsichtsbeh\u00f6rde zu beschweren (Art. 77 DSGVO);<\/li>\n\n\n\n<li>aus Gr\u00fcnden, die sich aus Ihrer besonderen Situation ergeben, jederzeit gegen die Verarbeitung Sie betreffender personenbezogener Daten, die aufgrund von Art. 6 Abs. 1 lit. e oder f erfolgt, Widerspruch einzulegen; dies gilt auch f\u00fcr ein auf diese Bestimmungen gest\u00fctztes Profiling (Art. 21 DSGVO);<\/li>\n\n\n\n<li>Ihre erteilte Einwilligung jederzeit gegen\u00fcber uns zu widerrufen. Dies hat zur Folge, dass wir die Datenverarbeitung, die auf dieser Einwilligung beruhte, f\u00fcr die Zukunft nicht mehr fortf\u00fchren d\u00fcrfen (Art. 7 Abs. 3 DSGVO).<\/li>\n<\/ul>\n\n\n\n<p>Die drei letztgenannten Rechte werden nachfolgend noch n\u00e4her erl\u00e4utert.<\/p>\n\n\n\n<p><strong>X. Wann und wie k\u00f6nnen Sie der Datenverarbeitung widersprechen?<\/strong><\/p>\n\n\n\n<p><em>Sofern Ihre personenbezogenen Daten auf Grundlage von berechtigten Interessen gem. Art. 6 Abs. 1 S. 1 lit. f DSGVO oder f\u00fcr Direktwerbung bzw. Profiling verarbeitet werden, haben Sie das Recht, jederzeit Widerspruch gegen die Datenverarbeitung einzulegen&nbsp;<\/em><\/p>\n\n\n\n<p><em>Dies hat dann zur Folge, dass wir die Verarbeitung Ihrer personenbezogenen Daten f\u00fcr die Zukunft nicht mehr fortf\u00fchren d\u00fcrfen, es sei denn, dass wir zwingende schutzw\u00fcrdige Gr\u00fcnde f\u00fcr die Verarbeitung nachweisen k\u00f6nnen, die Ihren Interessen, Rechte und Freiheiten \u00fcberwiegen, oder die Datenverarbeitung der Geltendmachung, Aus\u00fcbung oder Verteidigung von Rechtsanspr\u00fcchen dient.<\/em><em><br><\/em><em><br><\/em><em>Das Widerspruchsrecht gilt jedoch nur, soweit daf\u00fcr Gr\u00fcnde vorliegen, die sich aus Ihrer besonderen Situation ergeben oder wenn sich Ihr Widerspruch gegen Direktwerbung richtet. Im letzteren Fall haben Sie ein generelles Widerspruchsrecht, das ohne Angabe einer besonderen Situation von uns umgesetzt wird.<\/em><em><br><\/em><em><br><\/em><em>M\u00f6chten Sie von Ihrem Widerspruchsrecht Gebrauch machen, gen\u00fcgt eine Nachricht an uns (Kontaktdaten s.o.).<\/em><\/p>\n\n\n\n<p><strong>XI. Wann und wie k\u00f6nnen Sie Ihre Einwilligung widerrufen?<\/strong><strong><br><\/strong><br>Sie k\u00f6nnen erteilte Einwilligungen jederzeit uns gegen\u00fcber widerrufen. Dies hat dann zur Folge, dass wir die Verarbeitung Ihrer personenbezogenen Daten, die auf dieser Einwilligung beruhte, f\u00fcr die Zukunft nicht mehr fortf\u00fchren d\u00fcrfen.<strong><br><\/strong><br>M\u00f6chten Sie von Ihrem Widerrufsrecht Gebrauch machen, gen\u00fcgt eine Nachricht an uns (Kontaktdaten s.o.).<\/p>\n\n\n\n<p><strong>XII. Bei wem k\u00f6nnen Sie sich beschweren?<\/strong><strong><br><\/strong><br>Hinsichtlich der Verarbeitung Ihrer personenbezogenen Daten durch uns haben Sie das Recht, sich bei einer Datenschutz-Aufsichtsbeh\u00f6rde zu beschweren. Eine Liste mit den Landesdatenschutzaufsichtsbeh\u00f6rden findet sich z.B. unter folgender Adresse:&nbsp;<\/p>\n\n\n\n<p><a href=\"http:\/\/www.bfdi.bund.de\/DE\/Infothek\/Anschriften_Links\/anschriften_links-node.html\">www.bfdi.bund.de\/DE\/Infothek\/Anschriften_Links\/anschriften_links-node.html<\/a><\/p>\n\n\n\n<p><strong>XIII. Wann und warum ist die Bereitstellung Ihrer Daten erforderlich?<\/strong><strong><br><\/strong><br>Bei der Nutzung unseres Kontaktformulars oder bei Anfragen per E-Mail geben Sie uns Ihre personenbezogenen Daten (z.B. Name oder E-Mail\u2010Adresse) an.<br><br>Die Bereitstellung Ihrer personenbezogenen Daten ist teilweise gesetzlich vorgeschrieben (z.B. durch Vorschriften des Steuerrechts). Sie kann auch zur Durchf\u00fchrung von (vor-) vertraglicher Ma\u00dfnahmen erforderlich sein. Eine Nichtbereitstellung Ihrer personenbezogenen Daten h\u00e4tte zur Folge, dass der Vertrag mit Ihnen nicht geschlossen werden oder dass Ihre Anfrage nicht beantwortet werden k\u00f6nnte.<br><br>Zur Durchf\u00fchrung von Vertr\u00e4gen bzw. vorvertraglichen Ma\u00dfnahmen oder zur Kommunikation mit uns ist die Bereitstellung der folgenden Daten zwingend erforderlich:<\/p>\n\n\n\n<ul class=\"wp-block-list\">\n<li>Vor- und Nachname<\/li>\n\n\n\n<li>E-Mail-Adresse<\/li>\n\n\n\n<li>ggf. Kundendaten (z.B. Kundennummer)<\/li>\n\n\n\n<li>Texteingaben<\/li>\n\n\n\n<li>Telefonnummer (z.B. f\u00fcr R\u00fcckfragen oder Beantwortung von Kundenanfragen)<\/li>\n<\/ul>\n\n\n\n<p>Sofern im Rahmen dieser Datenschutzerkl\u00e4rung nicht anders angegeben, sind alle anderen Angaben freiwillig.<br><\/p>\n\n\n\n<p><strong>XIV. Findet eine automatisierte Entscheidungsfindung (z.B. Profiling) statt?<br><\/strong><br>Eine automatisierte Entscheidung einschlie\u00dflich Profiling findet nicht statt.<\/p>\n\n\n\n<p><strong>XV. Wie k\u00f6nnen Sie mit uns Kontakt aufnehmen?<br><\/strong><br>Sie k\u00f6nnen mit uns entweder per Post, Telefon oder E\u2010Mail Kontakt aufnehmen (s.o.).<br><br>Sofern Sie z.B. per E-Mail oder \u00fcber unser Kontaktformular den Kontakt mit uns aufnehmen, speichern wir die von Ihnen freiwillig an uns \u00fcbermittelten personenbezogenen Daten automatisch zu Zwecken der Bearbeitung Ihrer Anfrage bzw. zur Kontaktaufnahme mit Ihnen. Es erfolgt keine Weitergabe dieser Daten an Dritte.<\/p>\n\n\n\n<p><strong>XVI. Wie sichern wir unsere Internetseite ab?<\/strong><strong><br><\/strong><br>Unter Ber\u00fccksichtigung des Stands der Technik, der Implementierungskosten und der Art, des Umfangs, der Umst\u00e4nde und der Zwecke der Verarbeitung sowie der unterschiedlichen Eintrittswahrscheinlichkeit und Schwere des Risikos f\u00fcr die Rechte und Freiheiten nat\u00fcrlicher Personen, treffen wir geeignete technische und organisatorische Ma\u00dfnahmen, um ein dem Risiko angemessenes Schutzniveau zu gew\u00e4hrleisten (Art. 32 DSGVO).<br>Zu diesen Ma\u00dfnahmen geh\u00f6rt insbesondere die Sicherung der Vertraulichkeit, Integrit\u00e4t und Verf\u00fcgbarkeit von Daten. Au\u00dferdem haben wir bei uns Gesch\u00e4ftsprozesse eingerichtet, die insbesondere die Wahrung von Betroffenenrechten, die L\u00f6schung von Daten und auch die Reaktion auf Datenpannen sicherstellen.<strong><br><\/strong><br>Dar\u00fcber hinaus beachten wir die Prinzipien des Datenschutzrechts, u.a. Datenschutz durch Technikgestaltung und durch datenschutzfreundliche Voreinstellungen (privacy by design und privacy by default, Art. 25 DSGVO).<strong><br><\/strong><br>Auf unserer Internetseite nutzen wir aus Sicherheitsgr\u00fcnden und zum Schutz der \u00dcbertragung Ihrer personenbezogenen Daten sowie anderer vertraulicher Inhalte eine verschl\u00fcsselte \u00dcbertragung mittels SSL-Zertifikat. Dies k\u00f6nnen Sie daran erkennen, dass in der Adresszeile Ihres Browsers \u201ehttps\u201c (anstelle von \u201ehttp\u201c) sowie ein Schloss-Symbol und eine andere Farbdarstellung erscheint.<strong>&nbsp;<\/strong><\/p>\n\n\n\n<p><strong>XVII. Was sind Cookies und wie setzen wir sie ein?<\/strong><\/p>\n\n\n\n<p>Auf unserer Internetseite nutzen wir sog. Cookies. Dabei handelt es sich um kleine Dateien, die Textinformationen enthalten und die von Ihrem Browser gespeichert bzw. auf Ihrem Endger\u00e4t abgelegt werden.<\/p>\n\n\n\n<p>Die sog. transienten (oder auch tempor\u00e4ren) Cookies werden automatisiert gel\u00f6scht, wenn Sie Ihren Browser schlie\u00dfen. Dazu z\u00e4hlen insbesondere die Session-Cookies. Diese speichern eine bestimmte Kennung (die sog. Session-ID), wodurch Ihr Endger\u00e4t wiedererkannt werden kann, wenn Sie auf unsere Internetseite zur\u00fcckkehren.&nbsp;<\/p>\n\n\n\n<p>Die sog. persistenten (oder auch permanenten) Cookies werden automatisiert nach einer bestimmten Zeitspanne gel\u00f6scht; je nach Cookie unterscheidet sich die Dauer der Speicherung.<\/p>\n\n\n\n<p>Sowohl bei tempor\u00e4ren als auch bei permanenten Cookies m\u00fcssen sog First-Party-Cookies und Third-Party-Cookies unterschieden werden. Die erstgenannten werden von der verantwortlichen Stelle, die anderen von Drittanbietern gesetzt.<\/p>\n\n\n\n<p>Sie k\u00f6nnen Cookies \u00fcber die Sicherheitseinstellungen in Ihrem Browser jederzeit l\u00f6schen oder z.B. auch die Annahme der Third-Party-Cookies ablehnen. Wenn Sie generell Widerspruch gegen den Einsatz der zu Zwecken des Onlinemarketing eingesetzten Cookies erheben wollen, dann k\u00f6nnen Sie das bei versch. Diensten bzw. Anbietern tun, z.B.<br>\u00fcber die amerikanische Seite www.aboutads.info\/choices<br>oder \u00fcber die europ\u00e4ische Seite www.youronlinechoices.com.<br>Bitte beachten Sie, dass Sie dann aber evtl. nicht alle Funktionen unserer Internetseite nutzen k\u00f6nnen.<\/p>\n\n\n\n<p>Auf unserer Internetseite k\u00f6nnen wir tempor\u00e4re oder auch permanente Cookies, sowie First und auch Third-Party-Cookies einsetzen. Sie werden nachfolgend im Rahmen unserer Datenschutzerkl\u00e4rung weitere Informationen dar\u00fcber erhalten.<\/p>\n\n\n\n<p>Wir setzen derzeit nur solche Cookies ein, die zur Erbringung unseres Angebots technisch erforderlich sind. Rechtsgrundlage f\u00fcr die Nutzung von Cookies ist Art. 6 Abs. 1 S. 1 lit. f DSGVO.<br>Soweit andere, technisch nicht erforderliche Cookies zum Einsatz kommen, holen wir dazu Ihre Einwilligung ein (Art. 6 Abs. 1 S. 1 lit. a DSGVO).<\/p>\n\n\n\n<p><strong>XVIII. Wie sieht es mit unseren Profilen in den sozialen Netzwerken aus?<\/strong><\/p>\n\n\n\n<p>Wir betreiben die nachfolgend aufgez\u00e4hlten Profile in sozialen Netzwerken, um mit den dort aktiven Nutzern in Kontakt treten und diese dort \u00fcber unsere Leistungen informieren zu k\u00f6nnen.<br>Beim Aufruf der jeweiligen Netzwerke gelten die jeweiligen Gesch\u00e4ftsbedingungen sowie die Datenschutzhinweise der jeweiligen Betreiber.<br>Soweit nicht anders im Rahmen unserer Datenschutzerkl\u00e4rung angegeben, verarbeiten wird die Daten der Nutzer nur, sofern diese mit uns innerhalb der sozialen Netzwerke in Kontakt treten, also z.B. Beitr\u00e4ge auf unseren Profilseiten verfassen oder uns Nachrichten schicken.<\/p>\n\n\n\n<p><strong>Unser Social\u2010Media\u2010Profile:<\/strong><\/p>\n\n\n\n<p>LinkedIn.<\/p>","protected":false},"excerpt":{"rendered":"I. Podstawowe informacje W niniejszym dokumencie informujemy Pa\u0144stwa o przetwarzaniu danych osobowych w zwi\u0105zku z korzystaniem z naszych witryn internetowych. Niniejsza polityka prywatno\u015bci dotyczy zatem naszej strony internetowej www.fibufly.de oraz naszych profili w mediach spo\u0142eczno\u015bciowych. Dane osobowe to wszystkie informacje, kt\u00f3re odnosz\u0105 si\u0119 do Pa\u0144stwa osobi\u015bcie, a wi\u0119c m.in. imi\u0119 i nazwisko, adres, adres e-mail, [&hellip;]","protected":false},"author":1,"featured_media":0,"parent":0,"menu_order":0,"comment_status":"closed","ping_status":"closed","template":"legal","meta":{"_acf_changed":false,"footnotes":""},"class_list":["post-3","page","type-page","status-publish","hentry"],"acf":[],"yoast_head":"<!-- This site is optimized with the Yoast SEO plugin v27.0 - https:\/\/yoast.com\/product\/yoast-seo-wordpress\/ -->\n<title>Polityka prywatno\u015bci - fibufly<\/title>\n<meta name=\"robots\" content=\"index, follow, max-snippet:-1, max-image-preview:large, max-video-preview:-1\" \/>\n<link rel=\"canonical\" href=\"https:\/\/fibufly.com\/de\/datenschutzerklarung\/\" \/>\n<meta property=\"og:locale\" content=\"de_DE\" \/>\n<meta property=\"og:type\" content=\"article\" \/>\n<meta property=\"og:title\" content=\"Polityka prywatno\u015bci - fibufly\" \/>\n<meta property=\"og:description\" content=\"I. Podstawowe informacje W niniejszym dokumencie informujemy Pa\u0144stwa o przetwarzaniu danych osobowych w zwi\u0105zku z korzystaniem z naszych witryn internetowych. Niniejsza polityka prywatno\u015bci dotyczy zatem naszej strony internetowej www.fibufly.de oraz naszych profili w mediach spo\u0142eczno\u015bciowych. Dane osobowe to wszystkie informacje, kt\u00f3re odnosz\u0105 si\u0119 do Pa\u0144stwa osobi\u015bcie, a wi\u0119c m.in. imi\u0119 i nazwisko, adres, adres e-mail, [&hellip;]\" \/>\n<meta property=\"og:url\" content=\"https:\/\/fibufly.com\/de\/datenschutzerklarung\/\" \/>\n<meta property=\"og:site_name\" content=\"fibufly\" \/>\n<meta property=\"article:modified_time\" content=\"2026-02-24T07:04:28+00:00\" \/>\n<meta name=\"twitter:card\" content=\"summary_large_image\" \/>\n<meta name=\"twitter:label1\" content=\"Gesch\u00e4tzte Lesezeit\" \/>\n\t<meta name=\"twitter:data1\" content=\"15\u00a0Minuten\" \/>\n<script type=\"application\/ld+json\" class=\"yoast-schema-graph\">{\"@context\":\"https:\/\/schema.org\",\"@graph\":[{\"@type\":\"WebPage\",\"@id\":\"https:\/\/fibufly.com\/polityka-prywatnosci\/\",\"url\":\"https:\/\/fibufly.com\/polityka-prywatnosci\/\",\"name\":\"Polityka prywatno\u015bci - fibufly\",\"isPartOf\":{\"@id\":\"https:\/\/fibufly.com\/#website\"},\"datePublished\":\"2025-09-15T09:22:05+00:00\",\"dateModified\":\"2026-02-24T07:04:28+00:00\",\"breadcrumb\":{\"@id\":\"https:\/\/fibufly.com\/polityka-prywatnosci\/#breadcrumb\"},\"inLanguage\":\"de\",\"potentialAction\":[{\"@type\":\"ReadAction\",\"target\":[\"https:\/\/fibufly.com\/polityka-prywatnosci\/\"]}]},{\"@type\":\"BreadcrumbList\",\"@id\":\"https:\/\/fibufly.com\/polityka-prywatnosci\/#breadcrumb\",\"itemListElement\":[{\"@type\":\"ListItem\",\"position\":1,\"name\":\"Strona g\u0142\u00f3wna\",\"item\":\"https:\/\/fibufly.com\/\"},{\"@type\":\"ListItem\",\"position\":2,\"name\":\"Polityka prywatno\u015bci\"}]},{\"@type\":\"WebSite\",\"@id\":\"https:\/\/fibufly.com\/#website\",\"url\":\"https:\/\/fibufly.com\/\",\"name\":\"fibufly\",\"description\":\"\",\"potentialAction\":[{\"@type\":\"SearchAction\",\"target\":{\"@type\":\"EntryPoint\",\"urlTemplate\":\"https:\/\/fibufly.com\/?s={search_term_string}\"},\"query-input\":{\"@type\":\"PropertyValueSpecification\",\"valueRequired\":true,\"valueName\":\"search_term_string\"}}],\"inLanguage\":\"de\"}]}<\/script>\n<!-- \/ Yoast SEO plugin. -->","yoast_head_json":{"title":"Polityka prywatno\u015bci - fibufly","robots":{"index":"index","follow":"follow","max-snippet":"max-snippet:-1","max-image-preview":"max-image-preview:large","max-video-preview":"max-video-preview:-1"},"canonical":"https:\/\/fibufly.com\/de\/datenschutzerklarung\/","og_locale":"de_DE","og_type":"article","og_title":"Polityka prywatno\u015bci - fibufly","og_description":"I. Podstawowe informacje W niniejszym dokumencie informujemy Pa\u0144stwa o przetwarzaniu danych osobowych w zwi\u0105zku z korzystaniem z naszych witryn internetowych. Niniejsza polityka prywatno\u015bci dotyczy zatem naszej strony internetowej www.fibufly.de oraz naszych profili w mediach spo\u0142eczno\u015bciowych. Dane osobowe to wszystkie informacje, kt\u00f3re odnosz\u0105 si\u0119 do Pa\u0144stwa osobi\u015bcie, a wi\u0119c m.in. imi\u0119 i nazwisko, adres, adres e-mail, [&hellip;]","og_url":"https:\/\/fibufly.com\/de\/datenschutzerklarung\/","og_site_name":"fibufly","article_modified_time":"2026-02-24T07:04:28+00:00","twitter_card":"summary_large_image","twitter_misc":{"Gesch\u00e4tzte Lesezeit":"15\u00a0Minuten"},"schema":{"@context":"https:\/\/schema.org","@graph":[{"@type":"WebPage","@id":"https:\/\/fibufly.com\/polityka-prywatnosci\/","url":"https:\/\/fibufly.com\/polityka-prywatnosci\/","name":"Polityka prywatno\u015bci - fibufly","isPartOf":{"@id":"https:\/\/fibufly.com\/#website"},"datePublished":"2025-09-15T09:22:05+00:00","dateModified":"2026-02-24T07:04:28+00:00","breadcrumb":{"@id":"https:\/\/fibufly.com\/polityka-prywatnosci\/#breadcrumb"},"inLanguage":"de","potentialAction":[{"@type":"ReadAction","target":["https:\/\/fibufly.com\/polityka-prywatnosci\/"]}]},{"@type":"BreadcrumbList","@id":"https:\/\/fibufly.com\/polityka-prywatnosci\/#breadcrumb","itemListElement":[{"@type":"ListItem","position":1,"name":"Strona g\u0142\u00f3wna","item":"https:\/\/fibufly.com\/"},{"@type":"ListItem","position":2,"name":"Polityka prywatno\u015bci"}]},{"@type":"WebSite","@id":"https:\/\/fibufly.com\/#website","url":"https:\/\/fibufly.com\/","name":"fibufly","description":"","potentialAction":[{"@type":"SearchAction","target":{"@type":"EntryPoint","urlTemplate":"https:\/\/fibufly.com\/?s={search_term_string}"},"query-input":{"@type":"PropertyValueSpecification","valueRequired":true,"valueName":"search_term_string"}}],"inLanguage":"de"}]}},"_links":{"self":[{"href":"http:\/\/fibufly.com\/de\/wp-json\/wp\/v2\/pages\/3","targetHints":{"allow":["GET"]}}],"collection":[{"href":"http:\/\/fibufly.com\/de\/wp-json\/wp\/v2\/pages"}],"about":[{"href":"http:\/\/fibufly.com\/de\/wp-json\/wp\/v2\/types\/page"}],"author":[{"embeddable":true,"href":"http:\/\/fibufly.com\/de\/wp-json\/wp\/v2\/users\/1"}],"replies":[{"embeddable":true,"href":"http:\/\/fibufly.com\/de\/wp-json\/wp\/v2\/comments?post=3"}],"version-history":[{"count":13,"href":"http:\/\/fibufly.com\/de\/wp-json\/wp\/v2\/pages\/3\/revisions"}],"predecessor-version":[{"id":780,"href":"http:\/\/fibufly.com\/de\/wp-json\/wp\/v2\/pages\/3\/revisions\/780"}],"wp:attachment":[{"href":"http:\/\/fibufly.com\/de\/wp-json\/wp\/v2\/media?parent=3"}],"curies":[{"name":"wp","href":"https:\/\/api.w.org\/{rel}","templated":true}]}}